{"id":553,"date":"2018-08-12T15:40:31","date_gmt":"2018-08-12T13:40:31","guid":{"rendered":"https:\/\/mkaf.no\/?page_id=553"},"modified":"2025-01-31T16:36:02","modified_gmt":"2025-01-31T15:36:02","slug":"tillitsvalgte","status":"publish","type":"page","link":"https:\/\/mkaf.no\/?page_id=553","title":{"rendered":"Tillitsvalgte"},"content":{"rendered":"<h1>Styre &#8211; tillitsvalgte &#8211; verneombud<\/h1>\n<p>Mosj\u00f8en Kjemiske Arbeiderforening har en rekke tillitsvalgte som medlemmer kan henvende seg til:<\/p>\n<h3>Styret<\/h3>\n<p>MKAF`s styresammensetning 2024 etter \u00e5rsm\u00f8tet 15. februar:<\/p>\n<p>Leder: Stian Nordal Jensen<br \/>\nNestleder: Magne Elvenes<br \/>\nSekret\u00e6r: Ingelin Langseth<br \/>\nKasserer: Monica Olsen<br \/>\nHovedverneombud: Martin Drzewicz<br \/>\nStudietillitsvalgt: Morten M\u00e5sv\u00e6r<br \/>\nUngdomstillitsvalgt: Sander Johansen<br \/>\nSosialtillitsvalgt: Kjell Turmo<br \/>\nStyremedlem: Christian Sandmo<br \/>\nStyremedlem: Raymond Pettersen<br \/>\nStyremedlem: Tommy Karlsen<br \/>\nStyremedlem: Fride Auren Nilsen<\/p>\n<p>Varamedlem: J\u00f8rn Steffenrem<br \/>\nVaramedlem: Ivar Vassvik<br \/>\nVaramedlem: Per Ole Myrnes<br \/>\nVaramedlem: Lise Holien R\u00f8sdal<\/p>\n<h3>Seksjonstillitsvalgte<\/h3>\n<p>Hvert omr\u00e5de (Anodefabrikken, Teknisk, MIT, St\u00f8peri og Elektrolyse) har sin seksjonstillitsvalgt som ogs\u00e5 m\u00f8ter (med talerett) i styrets m\u00f8ter.<\/p>\n<p>Seksjonstillitsvalgt St\u00f8peri: Lise Holien R\u00f8sdal<br \/>\nSeksjonstillitsvalgt Elektrolyse: Chris Robin Nilsskog<br \/>\nSeksjonstillitsvalgt Anodefabrikken: Thomas Hellgren<br \/>\nSeksjonstilligvalgt Teknisk: Raymond Pettersen<br \/>\nSeksjonstillitsvalgt Mosj\u00f8en Industriterminal: Kristian Dorp<\/p>\n<h3>Gruppetillitsvalgte<\/h3>\n<p>Hver gruppe\/skift har sin tillitsvalgt.<\/p>\n<p><b>Elektrolyse<\/b><br \/>\nSkift A: Johan Lauten<br \/>\nSkift B: Chris Robin Nilsskog<br \/>\nSkift C: Tove I Finstad<br \/>\nSkift D: Andreas Breen<br \/>\nSkift E: Rainer Solbakken<br \/>\nSkift F: MArtin Forbergskog<\/p>\n<p>Elektrolyseservice: Kim Ruben Sivesind<br \/>\nRens og Gjenvinning: Kevin Kvalfors<br \/>\nOvnsverkstedet: Camilla Fridheim<br \/>\nAnodemontasjen: Anders Elsfjordstrand<\/p>\n<p><b>St\u00f8peri<br \/>\n<\/b>Skift A: J\u00f8rgen St\u00f8len<br \/>\nSkift B: Martine Storvik<br \/>\nSkift C: Thomas Svendsen<br \/>\nSkift D: H\u00e5kon Moe<br \/>\nSkift E: Ronny Haugen<br \/>\nSkift F: Lise Holien R\u00f8sdal<br \/>\nKokille: Tom Ovesen<\/p>\n<p><b>Anodefabrikken<\/b><br \/>\nSkift A: Rune Hjelm<br \/>\nSkift B: Stian Kj\u00f8l\u00f8ymo<br \/>\nSkift C: Leon Wood<br \/>\nSkift D: Per \u00d8ystein Hansen<br \/>\nSkift E: Trine Haugen<br \/>\nSkift F: Jim Iversen<br \/>\nMassefabrikk: Thomas Hellgren<br \/>\nMurergruppa: Tom Roger Drevlandsj\u00f8<\/p>\n<p><b>Mosj\u00f8en Industriterminal<br \/>\n<\/b>Kristian Dorp<\/p>\n<h3>Verneombud<\/h3>\n<p>Til \u00e5 ivareta vernemessige forhold ved bedriften har hver avdeling eller gruppe sitt verneombud. Hovedoppgaven er \u00e5 p\u00e5se at verneregler blir overholdt, og v\u00e6re med p\u00e5 rapportering og gransking av ulykker eller andre hendelser som p\u00e5virker sikkerheten p\u00e5 arbeidsplassen.<\/p>\n<p><b>Elektrolyse<\/b><br \/>\nA: Sander Johansen og Raymond Iversen<br \/>\nB: Chris-Robin Nilsskog og Christer Kleivhaug<br \/>\nC: Olav J\u00f8rgensen og Kristine Mosheim<br \/>\nD: Kjell Kenneth Olsen og Jan-Yngve Elstad<br \/>\nE: Kurt Kvalfors og Rainer Solbakken<br \/>\nF: J\u00f8rgen Sandstrak og Geir Arne Olsen<\/p>\n<p>Elektrolyseservice: Kim Ruben Sivesind<br \/>\nRens og Gjenvinning: Andreas Steinslett Jensen<br \/>\nAnodemontasjen: H\u00e5vard Bonsaksen<br \/>\nOvnsverkstedet: Camilla Fridheim<br \/>\nSeksjonsverneombud: Kjell Kenneth Olsen<\/p>\n<p><b>St\u00f8peri<\/b><br \/>\nA: Erik Avdem<br \/>\nB: Karl-Petter Jakobsen<br \/>\nC: Kenneth Hamnes<br \/>\nD: Jan \u00d8ystein Sperstad<br \/>\nE: Roy Eli<br \/>\nF: Sten-Are Sivesind<br \/>\nKokille: Morten S\u00f8raunet<br \/>\nSeksjonsverneombud: Sten-Are Sivesind<\/p>\n<p><b>Anodefabrikken<br \/>\n<\/b>Skift A: Dan Jonassen<br \/>\nSkift B: Siv Knutsen<br \/>\nSkift C: Roy Morten Forbergskog<br \/>\nSkift D: Bj\u00f8rn Brattbakk<br \/>\nSkift E: Jan Erik Krut\u00e5dal<br \/>\nSkift F: Johannes Fjeldavli<br \/>\nMassefabrikk: Lasse Lynghaug og Daniel Mosheim<br \/>\nMurergruppa: Dag Espen Lund<\/p>\n<p>Seksjonsverneombud:Jan Erik Krut\u00e5dal<\/p>\n<p><b>Mosj\u00f8en Industriterminal<br \/>\n<\/b>Kristoffer Sommer<\/p>\n<p>&nbsp;<\/p>\n","protected":false},"excerpt":{"rendered":"<p>Styre &#8211; tillitsvalgte &#8211; verneombud Mosj\u00f8en Kjemiske Arbeiderforening har en rekke tillitsvalgte som medlemmer kan henvende seg til: Styret MKAF`s styresammensetning 2024 etter \u00e5rsm\u00f8tet 15. februar: Leder: Stian Nordal Jensen Nestleder: Magne Elvenes Sekret\u00e6r: Ingelin Langseth Kasserer: Monica Olsen Hovedverneombud: Martin Drzewicz Studietillitsvalgt: Morten M\u00e5sv\u00e6r Ungdomstillitsvalgt: Sander Johansen Sosialtillitsvalgt: Kjell Turmo Styremedlem: Christian Sandmo Styremedlem: &#8230; <a title=\"Tillitsvalgte\" class=\"read-more\" href=\"https:\/\/mkaf.no\/?page_id=553\" aria-label=\"Read more about Tillitsvalgte\">Les mer<\/a><\/p>\n","protected":false},"author":1,"featured_media":0,"parent":0,"menu_order":9,"comment_status":"closed","ping_status":"closed","template":"","meta":{"generate_page_header":"","footnotes":""},"class_list":["post-553","page","type-page","status-publish"],"_links":{"self":[{"href":"https:\/\/mkaf.no\/index.php?rest_route=\/wp\/v2\/pages\/553","targetHints":{"allow":["GET"]}}],"collection":[{"href":"https:\/\/mkaf.no\/index.php?rest_route=\/wp\/v2\/pages"}],"about":[{"href":"https:\/\/mkaf.no\/index.php?rest_route=\/wp\/v2\/types\/page"}],"author":[{"embeddable":true,"href":"https:\/\/mkaf.no\/index.php?rest_route=\/wp\/v2\/users\/1"}],"replies":[{"embeddable":true,"href":"https:\/\/mkaf.no\/index.php?rest_route=%2Fwp%2Fv2%2Fcomments&post=553"}],"version-history":[{"count":8,"href":"https:\/\/mkaf.no\/index.php?rest_route=\/wp\/v2\/pages\/553\/revisions"}],"predecessor-version":[{"id":12093,"href":"https:\/\/mkaf.no\/index.php?rest_route=\/wp\/v2\/pages\/553\/revisions\/12093"}],"wp:attachment":[{"href":"https:\/\/mkaf.no\/index.php?rest_route=%2Fwp%2Fv2%2Fmedia&parent=553"}],"curies":[{"name":"wp","href":"https:\/\/api.w.org\/{rel}","templated":true}]}}