{"id":709,"date":"2020-01-06T13:23:44","date_gmt":"2020-01-06T12:23:44","guid":{"rendered":"https:\/\/mkaf.no\/?page_id=709"},"modified":"2020-01-06T13:25:35","modified_gmt":"2020-01-06T12:25:35","slug":"jubilanter","status":"publish","type":"page","link":"https:\/\/mkaf.no\/?page_id=709","title":{"rendered":"Jubilanter"},"content":{"rendered":"<style type=\"text\/css\">\r\n\t#foogallery-gallery-708 .fg-image {\r\n        width: 200px;\r\n    }\r\n<\/style>\r\n\t\t\t\t<div class=\"foogallery foogallery-container foogallery-default foogallery-lightbox-foobox fg-gutter-20 fg-center fg-default fg-light fg-border-thin fg-shadow-outline fg-loading-default fg-loaded-fade-in fg-caption-hover fg-hover-fade fg-hover-zoom fg-ready\" id=\"foogallery-gallery-708\" data-foogallery=\"{&quot;item&quot;:{&quot;showCaptionTitle&quot;:true,&quot;showCaptionDescription&quot;:true},&quot;lazy&quot;:true}\" >\r\n\t<div class=\"fg-item fg-type-image fg-idle\"><figure class=\"fg-item-inner\"><a href=\"https:\/\/mkaf.no\/wp-content\/uploads\/2020\/01\/40_jubilanter_2009.jpg\" data-caption-title=\"40 \u00e5rs jubilanter 2009\" data-caption-desc=\"Bak fra venstre: Rita Lekang (LOs distriktssekret\u00e6r i Nordland), Jan Olsen, Gunnar Olsen, Trygve Utvik, Alf Nicolaisen og Rune Krut\u00e5 (nestleder MKAF)\nForan fra venstre: Karl Aasen, Arnt Lindseth, Arnold Aalbotsjord, Ole N\u00e6stby og Ole Bl\u00e5fjelldal\nIkke til stede: Magnar Eriksen, Agnar Gran\u00e5s, Gunnar Guttormsen, Arnfinn Hagen, Ole Hansen, Harry Lorentzen, Helge Mathiassen, Ivar Nordfjellmark og Arnold Ravn\u00e5\nFotograf: Alf Nicolaisen\" data-attachment-id=\"717\" data-type=\"image\" class=\"fg-thumb\"><span class=\"fg-image-wrap\"><img decoding=\"async\" title=\"40 \u00e5rs jubilanter 2009\" width=\"200\" height=\"150\" class=\"skip-lazy fg-image\" data-src-fg=\"https:\/\/mkaf.no\/wp-content\/uploads\/cache\/2020\/01\/40_jubilanter_2009\/3879525733.jpg\" src=\"data:image\/svg+xml,%3Csvg%20xmlns%3D%22http%3A%2F%2Fwww.w3.org%2F2000%2Fsvg%22%20width%3D%22200%22%20height%3D%22150%22%20viewBox%3D%220%200%20200%20150%22%3E%3C%2Fsvg%3E\" loading=\"eager\"><\/span><span class=\"fg-image-overlay\"><\/span><\/a><figcaption class=\"fg-caption\"><div class=\"fg-caption-inner\"><div class=\"fg-caption-title\">40 \u00e5rs jubilanter 2009<\/div><div class=\"fg-caption-desc\">Bak fra venstre: Rita Lekang (LOs distriktssekret\u00e6r i Nordland), Jan Olsen, Gunnar Olsen, Trygve Utvik, Alf Nicolaisen og Rune Krut\u00e5 (nestleder MKAF)\nForan fra venstre: Karl Aasen, Arnt Lindseth, Arnold Aalbotsjord, Ole N\u00e6stby og Ole Bl\u00e5fjelldal\nIkke til stede: Magnar Eriksen, Agnar Gran\u00e5s, Gunnar Guttormsen, Arnfinn Hagen, Ole Hansen, Harry Lorentzen, Helge Mathiassen, Ivar Nordfjellmark og Arnold Ravn\u00e5\nFotograf: Alf Nicolaisen<\/div><\/div><\/figcaption><\/figure><div class=\"fg-loader\"><\/div><\/div><div class=\"fg-item fg-type-image fg-idle\"><figure class=\"fg-item-inner\"><a href=\"https:\/\/mkaf.no\/wp-content\/uploads\/2020\/01\/40_jubilanter_2007_2008.jpg\" data-caption-title=\"40 \u00e5rs jubilanter 2007 og 2008\" data-caption-desc=\"Bak fra venstre: Odd Arnold Olsen, Magne Leif Drevland, Kjell Sakarias Str\u00f8m, Arvid Helfjell, Leif Aakvik og Leder av MKAF Jan - Ivar Myrflott\nForan fra venstre: Harald Bardal, Harry Johansen, Olav St\u00f8ylen (tidligere leder av Kjemisk Forbund), Willy Moheim og Kjell Anders Andersen\nIkke tilstede: Trygve Sigmund Bolstad, Julius Roynald Dahlmo, Olav Johan Espevik, Karl Emil Kristian Johansen, Bj\u00f8rnar L\u00f8k\u00e5s, Oddbj\u00f8rn Normann Mark\u00e5s, Roar Martin Mikalsen, Freddy Sandmo, Bj\u00f8rg Anna Skr\u00e5mo, Terje Audbj\u00f8rn S\u00e6terstad, Johan Veseth, Jimmy \u00c5nes, Bj\u00f8rnar Brubakk, Johan Hauan, Agnar Nikolai H\u00f8ynes, Torstein Mikalsen, Svein Edgar Moum, Johan Andreas Pedersen, Kolbj\u00f8rn Skar, Magne Stabbforsmo, Gunnar Mathias \u00c5kvik\nBildet er tatt av fotograf Alf Nicolaisen.\" data-attachment-id=\"716\" data-type=\"image\" class=\"fg-thumb\"><span class=\"fg-image-wrap\"><img decoding=\"async\" title=\"40 \u00e5rs jubilanter 2007 og 2008\" width=\"200\" height=\"150\" class=\"skip-lazy fg-image\" data-src-fg=\"https:\/\/mkaf.no\/wp-content\/uploads\/cache\/2020\/01\/40_jubilanter_2007_2008\/3358970543.jpg\" src=\"data:image\/svg+xml,%3Csvg%20xmlns%3D%22http%3A%2F%2Fwww.w3.org%2F2000%2Fsvg%22%20width%3D%22200%22%20height%3D%22150%22%20viewBox%3D%220%200%20200%20150%22%3E%3C%2Fsvg%3E\" loading=\"eager\"><\/span><span class=\"fg-image-overlay\"><\/span><\/a><figcaption class=\"fg-caption\"><div class=\"fg-caption-inner\"><div class=\"fg-caption-title\">40 \u00e5rs jubilanter 2007 og 2008<\/div><div class=\"fg-caption-desc\">Bak fra venstre: Odd Arnold Olsen, Magne Leif Drevland, Kjell Sakarias Str\u00f8m, Arvid Helfjell, Leif Aakvik og Leder av MKAF Jan - Ivar Myrflott\nForan fra venstre: Harald Bardal, Harry Johansen, Olav St\u00f8ylen (tidligere leder av Kjemisk Forbund), Willy Moheim og Kjell Anders Andersen\nIkke tilstede: Trygve Sigmund Bolstad, Julius Roynald Dahlmo, Olav Johan Espevik, Karl Emil Kristian Johansen, Bj\u00f8rnar L\u00f8k\u00e5s, Oddbj\u00f8rn Normann Mark\u00e5s, Roar Martin Mikalsen, Freddy Sandmo, Bj\u00f8rg Anna Skr\u00e5mo, Terje Audbj\u00f8rn S\u00e6terstad, Johan Veseth, Jimmy \u00c5nes, Bj\u00f8rnar Brubakk, Johan Hauan, Agnar Nikolai H\u00f8ynes, Torstein Mikalsen, Svein Edgar Moum, Johan Andreas Pedersen, Kolbj\u00f8rn Skar, Magne Stabbforsmo, Gunnar Mathias \u00c5kvik\nBildet er tatt av fotograf Alf Nicolaisen.<\/div><\/div><\/figcaption><\/figure><div class=\"fg-loader\"><\/div><\/div><div class=\"fg-item fg-type-image fg-idle\"><figure class=\"fg-item-inner\"><a href=\"https:\/\/mkaf.no\/wp-content\/uploads\/2020\/01\/25_jubilanter_2009.jpg\" data-caption-title=\"25 \u00e5rs jubilanter 2009\" data-caption-desc=\"Bak fra venstre: Rita Lekand (LOs distriktssekret\u00e6r i Nordland), Lasse Hansen, Magne Vassvik, Geir Villmones, Jim Evensen, Trond Stuvland og Rune Krut\u00e5 (nestleder MKAF)\nForan fra venstre: Erling Hansen, Raymond Sandstrak, Sonja Nilssen, Frank Forbergskog og Fred Simonsen\nIkke til stede: Lisbeth Digermul, Einar Fagereng, Roy Morten Forbergskog, Eli Huske, Jenny Isaksen, Arnstein Krutnes, Jann Arne Lund, Snorre Myran, Per Ole Myrnes, Dag Petter M\u00e5sv\u00e6r, John Selv\u00e5g, Hans Kristian Skj\u00f8lberg, Tor Skoglund, Tony Stokka Skr\u00e5mo, Jonny Slind, Are S\u00f8rstad, John Thomassen, Kurt Toven, Kjell Turmo og Svein Erik \u00d8xning\" data-attachment-id=\"715\" data-type=\"image\" class=\"fg-thumb\"><span class=\"fg-image-wrap\"><img decoding=\"async\" title=\"25 \u00e5rs jubilanter 2009\" width=\"200\" height=\"150\" class=\"skip-lazy fg-image\" data-src-fg=\"https:\/\/mkaf.no\/wp-content\/uploads\/cache\/2020\/01\/25_jubilanter_2009\/1764026452.jpg\" src=\"data:image\/svg+xml,%3Csvg%20xmlns%3D%22http%3A%2F%2Fwww.w3.org%2F2000%2Fsvg%22%20width%3D%22200%22%20height%3D%22150%22%20viewBox%3D%220%200%20200%20150%22%3E%3C%2Fsvg%3E\" loading=\"eager\"><\/span><span class=\"fg-image-overlay\"><\/span><\/a><figcaption class=\"fg-caption\"><div class=\"fg-caption-inner\"><div class=\"fg-caption-title\">25 \u00e5rs jubilanter 2009<\/div><div class=\"fg-caption-desc\">Bak fra venstre: Rita Lekand (LOs distriktssekret\u00e6r i Nordland), Lasse Hansen, Magne Vassvik, Geir Villmones, Jim Evensen, Trond Stuvland og Rune Krut\u00e5 (nestleder MKAF)\nForan fra venstre: Erling Hansen, Raymond Sandstrak, Sonja Nilssen, Frank Forbergskog og Fred Simonsen\nIkke til stede: Lisbeth Digermul, Einar Fagereng, Roy Morten Forbergskog, Eli Huske, Jenny Isaksen, Arnstein Krutnes, Jann Arne Lund, Snorre Myran, Per Ole Myrnes, Dag Petter M\u00e5sv\u00e6r, John Selv\u00e5g, Hans Kristian Skj\u00f8lberg, Tor Skoglund, Tony Stokka Skr\u00e5mo, Jonny Slind, Are S\u00f8rstad, John Thomassen, Kurt Toven, Kjell Turmo og Svein Erik \u00d8xning<\/div><\/div><\/figcaption><\/figure><div class=\"fg-loader\"><\/div><\/div><div class=\"fg-item fg-type-image fg-idle\"><figure class=\"fg-item-inner\"><a href=\"https:\/\/mkaf.no\/wp-content\/uploads\/2020\/01\/25_jubilanter_2007_2008.jpg\" data-caption-title=\"25 \u00e5rs jubilanter 2007 og 2008\" data-caption-desc=\"Bak fra venstre: Bj\u00f8rn Erik Haustreis, Bj\u00f8rn Gabrielsen, Robert Aanes, Frank Willy Mikalsen, Jan - Ivar Myrflott, \u00c5ge - Olav Hanssen, Magne Nikolaisen, Jan Rune Forsland\nForan fra venstre: Oddbj\u00f8rn Emil Johan Nilsen, Grete Stortj\u00f8nnli, Toril Rynesli, Olav St\u00f8ylen (tidligere leder av Kjemisk Forbund), Kari Wengstad og Gunnar Forsjord\nIkke til stede: Kjell Arve Albertsen, Tore Andersen, Geir Bomnes, St\u00e5le Brattbakk, Magne Flat\u00e5s, Hallvar H\u00f8vik, Arnt Johan Jenssen, Kai Hugo Johannesen, Tony Sten Krutnes, Martin Mikalesen, Svein Erik Reinfjell, Runar Salamonsen, Frode Albertsen, Steinar Avdem, Jon Eliassen, Dag Caton Finbog, Jan Olav Kj\u00f8nn\u00e5s, Oddbj\u00f8rn Even Olsen, Geir St\u00e5le Thoresen, Alf Utnes, Dagfinn \u00d8ybakken, Jan - Ove Aas\nBildet er tatt av fotograf Alf Nicolaisen.\" data-attachment-id=\"714\" data-type=\"image\" class=\"fg-thumb\"><span class=\"fg-image-wrap\"><img decoding=\"async\" title=\"25 \u00e5rs jubilanter 2007 og 2008\" width=\"200\" height=\"150\" class=\"skip-lazy fg-image\" data-src-fg=\"https:\/\/mkaf.no\/wp-content\/uploads\/cache\/2020\/01\/25_jubilanter_2007_2008\/615779335.jpg\" src=\"data:image\/svg+xml,%3Csvg%20xmlns%3D%22http%3A%2F%2Fwww.w3.org%2F2000%2Fsvg%22%20width%3D%22200%22%20height%3D%22150%22%20viewBox%3D%220%200%20200%20150%22%3E%3C%2Fsvg%3E\" loading=\"eager\"><\/span><span class=\"fg-image-overlay\"><\/span><\/a><figcaption class=\"fg-caption\"><div class=\"fg-caption-inner\"><div class=\"fg-caption-title\">25 \u00e5rs jubilanter 2007 og 2008<\/div><div class=\"fg-caption-desc\">Bak fra venstre: Bj\u00f8rn Erik Haustreis, Bj\u00f8rn Gabrielsen, Robert Aanes, Frank Willy Mikalsen, Jan - Ivar Myrflott, \u00c5ge - Olav Hanssen, Magne Nikolaisen, Jan Rune Forsland\nForan fra venstre: Oddbj\u00f8rn Emil Johan Nilsen, Grete Stortj\u00f8nnli, Toril Rynesli, Olav St\u00f8ylen (tidligere leder av Kjemisk Forbund), Kari Wengstad og Gunnar Forsjord\nIkke til stede: Kjell Arve Albertsen, Tore Andersen, Geir Bomnes, St\u00e5le Brattbakk, Magne Flat\u00e5s, Hallvar H\u00f8vik, Arnt Johan Jenssen, Kai Hugo Johannesen, Tony Sten Krutnes, Martin Mikalesen, Svein Erik Reinfjell, Runar Salamonsen, Frode Albertsen, Steinar Avdem, Jon Eliassen, Dag Caton Finbog, Jan Olav Kj\u00f8nn\u00e5s, Oddbj\u00f8rn Even Olsen, Geir St\u00e5le Thoresen, Alf Utnes, Dagfinn \u00d8ybakken, Jan - Ove Aas\nBildet er tatt av fotograf Alf Nicolaisen.<\/div><\/div><\/figcaption><\/figure><div class=\"fg-loader\"><\/div><\/div><div class=\"fg-item fg-type-image fg-idle\"><figure class=\"fg-item-inner\"><a href=\"https:\/\/mkaf.no\/wp-content\/uploads\/2020\/01\/25_40_jubilanter_2010.jpg\" data-caption-title=\"25 og 40 \u00e5rs jubilanter 2010\" data-caption-desc=\"Bak fra venstre: Rune Krut\u00e5 (nestleder MKAF), Jann Henrik Aune, Tom Aanes, Arnt Ove Danielsen, Stein Tortenli og Jan-Ivar Myrflott (leder)\nForan fra venstre: Kjell Iversen, Per Fjellstad, Torstein Forsmo (40 \u00e5rsjubilant), Lars Tollefsen, Roger Solvang\nIkke tilstede: Einar Dyrhaug, Rune Fagerheim, Kurt Villy Johansen, Paul Paulsen, Odd Straum, Jan \u00d8ines, Leif Halligard (40 \u00e5rsjubilant)\nFoto: Alf Nicolaisen\" data-attachment-id=\"713\" data-type=\"image\" class=\"fg-thumb\"><span class=\"fg-image-wrap\"><img decoding=\"async\" title=\"25 og 40 \u00e5rs jubilanter 2010\" width=\"200\" height=\"150\" class=\"skip-lazy fg-image\" data-src-fg=\"https:\/\/mkaf.no\/wp-content\/uploads\/cache\/2020\/01\/25_40_jubilanter_2010\/3851827351.jpg\" src=\"data:image\/svg+xml,%3Csvg%20xmlns%3D%22http%3A%2F%2Fwww.w3.org%2F2000%2Fsvg%22%20width%3D%22200%22%20height%3D%22150%22%20viewBox%3D%220%200%20200%20150%22%3E%3C%2Fsvg%3E\" loading=\"eager\"><\/span><span class=\"fg-image-overlay\"><\/span><\/a><figcaption class=\"fg-caption\"><div class=\"fg-caption-inner\"><div class=\"fg-caption-title\">25 og 40 \u00e5rs jubilanter 2010<\/div><div class=\"fg-caption-desc\">Bak fra venstre: Rune Krut\u00e5 (nestleder MKAF), Jann Henrik Aune, Tom Aanes, Arnt Ove Danielsen, Stein Tortenli og Jan-Ivar Myrflott (leder)\nForan fra venstre: Kjell Iversen, Per Fjellstad, Torstein Forsmo (40 \u00e5rsjubilant), Lars Tollefsen, Roger Solvang\nIkke tilstede: Einar Dyrhaug, Rune Fagerheim, Kurt Villy Johansen, Paul Paulsen, Odd Straum, Jan \u00d8ines, Leif Halligard (40 \u00e5rsjubilant)\nFoto: Alf Nicolaisen<\/div><\/div><\/figcaption><\/figure><div class=\"fg-loader\"><\/div><\/div><\/div>\r\n\n","protected":false},"excerpt":{"rendered":"","protected":false},"author":1,"featured_media":0,"parent":0,"menu_order":0,"comment_status":"closed","ping_status":"closed","template":"","meta":{"generate_page_header":"","footnotes":""},"class_list":["post-709","page","type-page","status-publish"],"_links":{"self":[{"href":"https:\/\/mkaf.no\/index.php?rest_route=\/wp\/v2\/pages\/709","targetHints":{"allow":["GET"]}}],"collection":[{"href":"https:\/\/mkaf.no\/index.php?rest_route=\/wp\/v2\/pages"}],"about":[{"href":"https:\/\/mkaf.no\/index.php?rest_route=\/wp\/v2\/types\/page"}],"author":[{"embeddable":true,"href":"https:\/\/mkaf.no\/index.php?rest_route=\/wp\/v2\/users\/1"}],"replies":[{"embeddable":true,"href":"https:\/\/mkaf.no\/index.php?rest_route=%2Fwp%2Fv2%2Fcomments&post=709"}],"version-history":[{"count":1,"href":"https:\/\/mkaf.no\/index.php?rest_route=\/wp\/v2\/pages\/709\/revisions"}],"predecessor-version":[{"id":711,"href":"https:\/\/mkaf.no\/index.php?rest_route=\/wp\/v2\/pages\/709\/revisions\/711"}],"wp:attachment":[{"href":"https:\/\/mkaf.no\/index.php?rest_route=%2Fwp%2Fv2%2Fmedia&parent=709"}],"curies":[{"name":"wp","href":"https:\/\/api.w.org\/{rel}","templated":true}]}}